{"id":41,"date":"2014-11-10T09:03:27","date_gmt":"2014-11-10T09:03:27","guid":{"rendered":"http:\/\/192.168.10.50\/wordpress\/?page_id=41"},"modified":"2019-04-23T15:59:44","modified_gmt":"2019-04-23T15:59:44","slug":"experiencia","status":"publish","type":"page","link":"https:\/\/www.moncisa.com\/en\/trabajos\/experiencia\/","title":{"rendered":"Experience"},"content":{"rendered":"<p>These are some of our main Proyects and Works<\/p>\n<div class=\"su-row\"><div class=\"su-column su-column-size-1-3\"><div class=\"su-column-inner su-u-clearfix su-u-trim\"><div class=\"su-button-center\"><a href=\"#Montajes\" class=\"su-button su-button-style-default\" style=\"color:#FFFFFF;background-color:#2873B9;border-color:#205c94;border-radius:5px\" target=\"_self\"><span style=\"color:#FFFFFF;padding:6px 16px;font-size:13px;line-height:20px;border-color:#699dce;border-radius:5px;text-shadow:none\"><i class=\"sui sui-codepen\" style=\"font-size:13px;color:#FFFFFF\"><\/i> Electricity<\/span><\/a><\/div><\/div><\/div> <div class=\"su-column su-column-size-1-3\"><div class=\"su-column-inner su-u-clearfix su-u-trim\"><div class=\"su-button-center\"><a href=\"#Telecomunicaciones\" class=\"su-button su-button-style-default\" style=\"color:#FFFFFF;background-color:#2873B9;border-color:#205c94;border-radius:5px\" target=\"_self\"><span style=\"color:#FFFFFF;padding:6px 16px;font-size:13px;line-height:20px;border-color:#699dce;border-radius:5px;text-shadow:none\"><i class=\"sui sui-rss\" style=\"font-size:13px;color:#FFFFFF\"><\/i> Telecommunications<\/span><\/a><\/div><\/div><\/div> <div class=\"su-column su-column-size-1-3\"><div class=\"su-column-inner su-u-clearfix su-u-trim\"><div class=\"su-button-center\"><a href=\"#Ingenieria\" class=\"su-button su-button-style-default\" style=\"color:#FFFFFF;background-color:#2873B9;border-color:#205c94;border-radius:5px\" target=\"_self\"><span style=\"color:#FFFFFF;padding:6px 16px;font-size:13px;line-height:20px;border-color:#699dce;border-radius:5px;text-shadow:none\"><i class=\"sui sui-pencil-square-o\" style=\"font-size:13px;color:#FFFFFF\"><\/i> Engineering<\/span><\/a><\/div><\/div><\/div><\/div>\n<p>&nbsp;<\/p>\n<div class=\"fancy-tab\">\n<h6 id=\"Montajes\">Electricity<\/h6>\n<\/div>\n<p>&nbsp;<\/p>\n<div style='display:inline'><a href='https:\/\/www.moncisa.com\/en\/trabajos\/experiencia\/l132kv-villaverde-c-30-melancolicos-y-l2x45-villaverde-legazpi\/' class='gallery_children41 gallery_children ' style='overflow:hidden;text-align:left;height:160px;display:inline-block;;background-image: url(\"https:\/\/www.moncisa.com\/wp-content\/uploads\/2015\/02\/2015-09-15-09h29m05-Large-306x205.jpg\");background-position:center;background-repeat:no-repeat;' alt='L132 kV Carrus-Cementos, 40-30BIS y 30-16  Conductor stringing' title='L132 kV Carrus-Cementos, 40-30BIS y 30-16  Conductor stringing'><h2 style='margin:100px 0 0 0;display:block;float:left;height:60px;width:98%;'>L132 kV Carrus-Cementos, 40-30BIS y 30-16  Conductor stringing<\/h2><\/a><a href='https:\/\/www.moncisa.com\/en\/trabajos\/experiencia\/l220-kv-centenario-guillena-tramos-17a-18a-y-33-vano-36-37-sustitucion-de-conductores\/' class='gallery_children41 gallery_children ' style='overflow:hidden;text-align:left;height:160px;display:inline-block;;background-image: url(\"https:\/\/www.moncisa.com\/wp-content\/uploads\/2015\/09\/900-7-306x205.jpg\");background-position:center;background-repeat:no-repeat;' alt='L220 KV Centenario-Guillena, tramos 17A-18A y 33-Vano 36-37. Conductor replacing' title='L220 KV Centenario-Guillena, tramos 17A-18A y 33-Vano 36-37. Conductor replacing'><h2 style='margin:100px 0 0 0;display:block;float:left;height:60px;width:98%;'>L220 KV Centenario-Guillena, tramos 17A-18A y 33-Vano 36-37. Conductor replacing<\/h2><\/a><a href='https:\/\/www.moncisa.com\/en\/trabajos\/experiencia\/l220kv-feria-de-muestras-torrente-st-beniferri\/' class='gallery_children41 gallery_children ' style='overflow:hidden;text-align:left;height:160px;display:inline-block;;background-image: url(\"https:\/\/www.moncisa.com\/wp-content\/uploads\/2015\/02\/630-10-306x205.jpg\");background-position:center;background-repeat:no-repeat;' alt='L220KV Feria de Muestras-Torrente, St Beniferri' title='L220KV Feria de Muestras-Torrente, St Beniferri'><h2 style='margin:100px 0 0 0;display:block;float:left;height:60px;width:98%;'>L220KV Feria de Muestras-Torrente, St Beniferri<\/h2><\/a><a href='https:\/\/www.moncisa.com\/en\/trabajos\/experiencia\/linea-aerea-132-kv-doble-circuito-duplex-a-subestacion-gijon-norte-gijon\/' class='gallery_children41 gallery_children ' style='overflow:hidden;text-align:left;height:160px;display:inline-block;;background-image: url(\"https:\/\/www.moncisa.com\/wp-content\/uploads\/2015\/02\/769-1-306x205.jpg\");background-position:center;background-repeat:no-repeat;' alt='132 KV Overhead powerline double circuit duplex Substation Gij\u00f3n Norte (Gij\u00f3n)' title='132 KV Overhead powerline double circuit duplex Substation Gij\u00f3n Norte (Gij\u00f3n)'><h2 style='margin:100px 0 0 0;display:block;float:left;height:60px;width:98%;'>132 KV Overhead powerline double circuit duplex Substation Gij\u00f3n Norte (Gij\u00f3n)<\/h2><\/a><a href='https:\/\/www.moncisa.com\/en\/trabajos\/experiencia\/linea-eje-del-palo-tramo-2-conjunto-c1-linea-b1-b12\/' class='gallery_children41 gallery_children ' style='overflow:hidden;text-align:left;height:160px;display:inline-block;;background-image: url(\"https:\/\/www.moncisa.com\/wp-content\/uploads\/2015\/02\/665-7-306x205.jpg\");background-position:center;background-repeat:no-repeat;' alt='Palo Axis Line. Section 2 set C1 Line B1-B12' title='Palo Axis Line. Section 2 set C1 Line B1-B12'><h2 style='margin:100px 0 0 0;display:block;float:left;height:60px;width:98%;'>Palo Axis Line. Section 2 set C1 Line B1-B12<\/h2><\/a><a href='https:\/\/www.moncisa.com\/en\/trabajos\/experiencia\/proyecto-3\/' class='gallery_children41 gallery_children ' style='overflow:hidden;text-align:left;height:160px;display:inline-block;;background-image: url(\"https:\/\/www.moncisa.com\/wp-content\/uploads\/2015\/01\/OT842-7-Medium-306x205.jpg\");background-position:center;background-repeat:no-repeat;' alt='Foundations reinforcement Ap. 150 L \/ 220 KV ITXASO-ORCOYEN 1' title='Foundations reinforcement Ap. 150 L \/ 220 KV ITXASO-ORCOYEN 1'><h2 style='margin:100px 0 0 0;display:block;float:left;height:60px;width:98%;'>Foundations reinforcement Ap. 150 L \/ 220 KV ITXASO-ORCOYEN 1<\/h2><\/a><a href='https:\/\/www.moncisa.com\/en\/trabajos\/experiencia\/repotenciacion-en-lat-132kv-alovera-galapagos-guadalajaracabanillas-del-campo-galapagos-guadalajara-fte-alcarria-torrija\/' class='gallery_children41 gallery_children ' style='overflow:hidden;text-align:left;height:160px;display:inline-block;;background-image: url(\"https:\/\/www.moncisa.com\/wp-content\/uploads\/2016\/01\/662N-2-306x205.jpg\");background-position:center;background-repeat:no-repeat;' alt='LAT 132 kv repowering in Alovera-Galapagos-Guadalajara \/ Cabanillas del Campo &#8211; Galapagos &#8211; Alcarria Guadalajara-Src-Torrija' title='LAT 132 kv repowering in Alovera-Galapagos-Guadalajara \/ Cabanillas del Campo &#8211; Galapagos &#8211; Alcarria Guadalajara-Src-Torrija'><h2 style='margin:100px 0 0 0;display:block;float:left;height:60px;width:98%;'>LAT 132 kv repowering in Alovera-Galapagos-Guadalajara \/ Cabanillas del Campo &#8211; Galapagos &#8211; Alcarria Guadalajara-Src-Torrija<\/h2><\/a><a href='https:\/\/www.moncisa.com\/en\/trabajos\/experiencia\/suministro-montajes-y-ejecucion-de-antiescalos-en-demarcaciones-norte-y-nordeste-de-ree\/' class='gallery_children41 gallery_children ' style='overflow:hidden;text-align:left;height:160px;display:inline-block;;background-image: url(\"https:\/\/www.moncisa.com\/wp-content\/uploads\/2015\/10\/OT-876-2-306x205.jpg\");background-position:center;background-repeat:no-repeat;' alt='Supply, installation and implementation of anti-climb barriers in North and Northeast REE demarcations' title='Supply, installation and implementation of anti-climb barriers in North and Northeast REE demarcations'><h2 style='margin:100px 0 0 0;display:block;float:left;height:60px;width:98%;'>Supply, installation and implementation of anti-climb barriers in North and Northeast REE demarcations<\/h2><\/a><a href='https:\/\/www.moncisa.com\/en\/trabajos\/experiencia\/sustitucion-de-apoyos-en-l33kv-tasiast-gold-mine-2\/' class='gallery_children41 gallery_children ' style='overflow:hidden;text-align:left;height:160px;display:inline-block;;background-image: url(\"https:\/\/www.moncisa.com\/wp-content\/uploads\/2016\/10\/910-14-306x205.jpg\");background-position:center;background-repeat:no-repeat;' alt='Replacing supports in L33KV Tasiast Gold Mine' title='Replacing supports in L33KV Tasiast Gold Mine'><h2 style='margin:100px 0 0 0;display:block;float:left;height:60px;width:98%;'>Replacing supports in L33KV Tasiast Gold Mine<\/h2><\/a><a href='https:\/\/www.moncisa.com\/en\/trabajos\/experiencia\/proyecto-2\/' class='gallery_children41 gallery_children ' style='overflow:hidden;text-align:left;height:160px;display:inline-block;;background-image: url(\"https:\/\/www.moncisa.com\/wp-content\/uploads\/2015\/01\/OT834-4-306x205.jpg\");background-position:center;background-repeat:no-repeat;' alt='Replacing support in the 220 KV Siero &#8211; Puente San Miguel 1' title='Replacing support in the 220 KV Siero &#8211; Puente San Miguel 1'><h2 style='margin:100px 0 0 0;display:block;float:left;height:60px;width:98%;'>Replacing support in the 220 KV Siero &#8211; Puente San Miguel 1<\/h2><\/a><a href='https:\/\/www.moncisa.com\/en\/trabajos\/experiencia\/proyecto-4-con-titulo-mas-largo-que-los-demas\/' class='gallery_children41 gallery_children ' style='overflow:hidden;text-align:left;height:160px;display:inline-block;;background-image: url(\"https:\/\/www.moncisa.com\/wp-content\/uploads\/2014\/11\/20141202_121413-Medium-306x205.jpg\");background-position:center;background-repeat:no-repeat;' alt='Replacing supports L66 KV  Granadilla-Chayofa and Granadilla-Los Olivos' title='Replacing supports L66 KV  Granadilla-Chayofa and Granadilla-Los Olivos'><h2 style='margin:100px 0 0 0;display:block;float:left;height:60px;width:98%;'>Replacing supports L66 KV  Granadilla-Chayofa and Granadilla-Los Olivos<\/h2><\/a><a href='https:\/\/www.moncisa.com\/en\/trabajos\/experiencia\/sustitucion-de-los-apoyos-de-linea-a-220kv-telledo-villablino\/' class='gallery_children41 gallery_children ' style='overflow:hidden;text-align:left;height:160px;display:inline-block;;background-image: url(\"https:\/\/www.moncisa.com\/wp-content\/uploads\/2015\/02\/788B-8-306x205.jpg\");background-position:center;background-repeat:no-repeat;' alt='Replacing of the supports in line at 220 kV Telledo &#8211; Villablino' title='Replacing of the supports in line at 220 kV Telledo &#8211; Villablino'><h2 style='margin:100px 0 0 0;display:block;float:left;height:60px;width:98%;'>Replacing of the supports in line at 220 kV Telledo &#8211; Villablino<\/h2><\/a><a href='https:\/\/www.moncisa.com\/en\/trabajos\/experiencia\/sustitucion-del-conductor-de-una-fase-en-un-tramo-del-circuito-220kv-rubi-t-de-celsa\/' class='gallery_children41 gallery_children ' style='overflow:hidden;text-align:left;height:160px;display:inline-block;;background-image: url(\"https:\/\/www.moncisa.com\/wp-content\/uploads\/2016\/01\/845-3-Large-306x205.jpg\");background-position:center;background-repeat:no-repeat;' alt='Replacing the conductor of a phase in a 220KV circuit section Rubi &#8211; T. Celsa' title='Replacing the conductor of a phase in a 220KV circuit section Rubi &#8211; T. Celsa'><h2 style='margin:100px 0 0 0;display:block;float:left;height:60px;width:98%;'>Replacing the conductor of a phase in a 220KV circuit section Rubi &#8211; T. Celsa<\/h2><\/a><a href='https:\/\/www.moncisa.com\/en\/trabajos\/experiencia\/instalacion-sensorestrafos-intensidadtet-en-iats-asturias\/' class='gallery_children41 gallery_children ' style='overflow:hidden;text-align:left;height:160px;display:inline-block;;background-image: url(\"https:\/\/www.moncisa.com\/wp-content\/uploads\/2020\/10\/IMG-20201020-WA0038-169x300.jpg\");background-position:center;background-repeat:no-repeat;' alt='Instalaci\u00f3n de Sensores+Trafos Intensidad+TET en IAT&#8217;s ASTURIAS' title='Instalaci\u00f3n de Sensores+Trafos Intensidad+TET en IAT&#8217;s ASTURIAS'><h2 style='margin:100px 0 0 0;display:block;float:left;height:60px;width:98%;'>Instalaci\u00f3n de Sensores+Trafos Intensidad+TET en IAT&#8217;s ASTURIAS<\/h2><\/a><a href='https:\/\/www.moncisa.com\/en\/trabajos\/experiencia\/l-220-kv-huelves-villares-del-saz-recrecido-apoyo-no-352\/' class='gallery_children41 gallery_children ' style='overflow:hidden;text-align:left;height:160px;display:inline-block;;background-image: url(\"https:\/\/www.moncisa.com\/wp-content\/uploads\/2020\/10\/IMG-20201029-WA0010-300x225.jpg\");background-position:center;background-repeat:no-repeat;' alt='L\/220 KV HUELVES &#8211; VILLARES DEL SAZ: Recrecido apoyo N\u00ba 352' title='L\/220 KV HUELVES &#8211; VILLARES DEL SAZ: Recrecido apoyo N\u00ba 352'><h2 style='margin:100px 0 0 0;display:block;float:left;height:60px;width:98%;'>L\/220 KV HUELVES &#8211; VILLARES DEL SAZ: Recrecido apoyo N\u00ba 352<\/h2><\/a><a href='https:\/\/www.moncisa.com\/en\/trabajos\/experiencia\/sustitucion-de-los-apoyos-274-293-de-linea-a-220kv-telledo-villablino\/' class='gallery_children41 gallery_children ' style='overflow:hidden;text-align:left;height:160px;display:inline-block;;background-image: url(\"https:\/\/www.moncisa.com\/wp-content\/uploads\/2017\/11\/vlcsnap-2017-11-30-13h21m34s230-e1512044575554-306x205.png\");background-position:center;background-repeat:no-repeat;' alt='Sustituci\u00f3n de los apoyos 274 &#8211; 293 de l\u00ednea a 220kV Telledo \u2013 Villablino' title='Sustituci\u00f3n de los apoyos 274 &#8211; 293 de l\u00ednea a 220kV Telledo \u2013 Villablino'><h2 style='margin:100px 0 0 0;display:block;float:left;height:60px;width:98%;'>Sustituci\u00f3n de los apoyos 274 &#8211; 293 de l\u00ednea a 220kV Telledo \u2013 Villablino<\/h2><\/a><\/div>\n<p>&nbsp;<\/p>\n<div class=\"fancy-tab\">\n<h6 id=\"Telecomunicaciones\">Telecommunications<\/h6>\n<\/div>\n<p>&nbsp;<\/p>\n<div style='display:inline'><a href='https:\/\/www.moncisa.com\/en\/trabajos\/experiencia\/proyecto-1\/' class='gallery_children41 gallery_children ' style='overflow:hidden;text-align:left;height:160px;display:inline-block;;background-image: url(\"https:\/\/www.moncisa.com\/wp-content\/uploads\/2014\/11\/ALTA-DE-ABONADO-RED-FTTH-DE-TELECABLE-306x205.jpg\");background-position:center;background-repeat:no-repeat;' alt='Alta de Abonado Red FTTH de Telecable' title='Alta de Abonado Red FTTH de Telecable'><h2 style='margin:100px 0 0 0;display:block;float:left;height:60px;width:98%;'>Alta de Abonado Red FTTH de Telecable<\/h2><\/a><a href='https:\/\/www.moncisa.com\/en\/trabajos\/experiencia\/alta-de-abonado-red-hfc-de-telecable\/' class='gallery_children41 gallery_children ' style='overflow:hidden;text-align:left;height:160px;display:inline-block;;background-image: url(\"https:\/\/www.moncisa.com\/wp-content\/uploads\/2015\/01\/ALTA-DE-ABONADO-RED-HFC-DE-TELECABLE-306x205.jpg\");background-position:center;background-repeat:no-repeat;' alt='Alta de Abonado red HFC de Telecable' title='Alta de Abonado red HFC de Telecable'><h2 style='margin:100px 0 0 0;display:block;float:left;height:60px;width:98%;'>Alta de Abonado red HFC de Telecable<\/h2><\/a><a href='https:\/\/www.moncisa.com\/en\/trabajos\/experiencia\/despliegue-de-red-hfc-de-telecable\/' class='gallery_children41 gallery_children ' style='overflow:hidden;text-align:left;height:160px;display:inline-block;;background-image: url(\"https:\/\/www.moncisa.com\/wp-content\/uploads\/2015\/01\/DESPLIEGUE-DE-RED-HFC-DE-TELECABLE-306x205.jpg\");background-position:center;background-repeat:no-repeat;' alt='Despliegue de red HFC de Telecable' title='Despliegue de red HFC de Telecable'><h2 style='margin:100px 0 0 0;display:block;float:left;height:60px;width:98%;'>Despliegue de red HFC de Telecable<\/h2><\/a><a href='https:\/\/www.moncisa.com\/en\/trabajos\/experiencia\/instalacion-y-puesta-en-marcha-de-nodos-hfc-de-telecable\/' class='gallery_children41 gallery_children ' style='overflow:hidden;text-align:left;height:160px;display:inline-block;;background-image: url(\"https:\/\/www.moncisa.com\/wp-content\/uploads\/2015\/01\/INSTALACI\u00d3N-Y-PUESTA-EN-MARCHA-DE-NODOS-HFC-DE-TELECABLE-306x205.jpg\");background-position:center;background-repeat:no-repeat;' alt='Instalaci\u00f3n y puesta en marcha de nodos HFC de Telecable' title='Instalaci\u00f3n y puesta en marcha de nodos HFC de Telecable'><h2 style='margin:100px 0 0 0;display:block;float:left;height:60px;width:98%;'>Instalaci\u00f3n y puesta en marcha de nodos HFC de Telecable<\/h2><\/a><a href='https:\/\/www.moncisa.com\/en\/trabajos\/experiencia\/mantenimiento-correctivo-cliente-de-telecable\/' class='gallery_children41 gallery_children ' style='overflow:hidden;text-align:left;height:160px;display:inline-block;;background-image: url(\"https:\/\/www.moncisa.com\/wp-content\/uploads\/2015\/01\/MANTENIMIENTO-CORRECTIVO-CLIENTE-DE-TELECABLE-306x205.jpg\");background-position:center;background-repeat:no-repeat;' alt='Mantenimiento Correctivo Cliente de Telecable' title='Mantenimiento Correctivo Cliente de Telecable'><h2 style='margin:100px 0 0 0;display:block;float:left;height:60px;width:98%;'>Mantenimiento Correctivo Cliente de Telecable<\/h2><\/a><a href='https:\/\/www.moncisa.com\/en\/trabajos\/experiencia\/mantenimiento-de-red-de-fibra-optica-de-edp\/' class='gallery_children41 gallery_children ' style='overflow:hidden;text-align:left;height:160px;display:inline-block;;background-image: url(\"https:\/\/www.moncisa.com\/wp-content\/uploads\/2015\/01\/MANTENIMIENTO-DE-RED-DE-FIBRA-\u00d3PTICA-DE-EDP-306x205.jpg\");background-position:center;background-repeat:no-repeat;' alt='Mantenimiento de red de fibra \u00f3ptica de EDP' title='Mantenimiento de red de fibra \u00f3ptica de EDP'><h2 style='margin:100px 0 0 0;display:block;float:left;height:60px;width:98%;'>Mantenimiento de red de fibra \u00f3ptica de EDP<\/h2><\/a><a href='https:\/\/www.moncisa.com\/en\/trabajos\/experiencia\/mantenimiento-preventivo-de-red-hfc-de-telecable\/' class='gallery_children41 gallery_children ' style='overflow:hidden;text-align:left;height:160px;display:inline-block;;background-image: url(\"https:\/\/www.moncisa.com\/wp-content\/uploads\/2015\/01\/MANTENIMIENTO-PREVENTIVO-DE-RED-HFC-DE-TELECABLE-306x205.jpg\");background-position:center;background-repeat:no-repeat;' alt='Mantenimiento preventivo de red HFC de Telecable' title='Mantenimiento preventivo de red HFC de Telecable'><h2 style='margin:100px 0 0 0;display:block;float:left;height:60px;width:98%;'>Mantenimiento preventivo de red HFC de Telecable<\/h2><\/a><a href='https:\/\/www.moncisa.com\/en\/trabajos\/experiencia\/montaje-de-sistema-de-interfonia-megafnia-y-datos-de-regasificadora-enagas-en-el-musel\/' class='gallery_children41 gallery_children ' style='overflow:hidden;text-align:left;height:160px;display:inline-block;;background-image: url(\"https:\/\/www.moncisa.com\/wp-content\/uploads\/2015\/01\/MONTAJE-SISTEMA-DE-INTERFON\u00cdA-MEGAFON\u00cdA-Y-DATOS-DE-REGASIFICADORA-ENAG\u00c1S-EN-EL-MUSEL-3-306x205.jpg\");background-position:center;background-repeat:no-repeat;' alt='Montaje de sistema de interfon\u00eda, megafon\u00eda y datos de regasificadora ENAG\u00c1S en el MUSEL' title='Montaje de sistema de interfon\u00eda, megafon\u00eda y datos de regasificadora ENAG\u00c1S en el MUSEL'><h2 style='margin:100px 0 0 0;display:block;float:left;height:60px;width:98%;'>Montaje de sistema de interfon\u00eda, megafon\u00eda y datos de regasificadora ENAG\u00c1S en el MUSEL<\/h2><\/a><a href='https:\/\/www.moncisa.com\/en\/trabajos\/experiencia\/montaje-de-sistema-multimedia-centralizado-para-centro-de-formacion\/' class='gallery_children41 gallery_children ' style='overflow:hidden;text-align:left;height:160px;display:inline-block;;background-image: url(\"https:\/\/www.moncisa.com\/wp-content\/uploads\/2014\/11\/MG_3580-306x205.jpg\");background-position:center;background-repeat:no-repeat;' alt='Montaje de sistema multimedia centralizado para centro de formaci\u00f3n' title='Montaje de sistema multimedia centralizado para centro de formaci\u00f3n'><h2 style='margin:100px 0 0 0;display:block;float:left;height:60px;width:98%;'>Montaje de sistema multimedia centralizado para centro de formaci\u00f3n<\/h2><\/a><a href='https:\/\/www.moncisa.com\/en\/trabajos\/experiencia\/montaje-de-cableado-estructurado-para-pymes-varios-trabajos\/' class='gallery_children41 gallery_children ' style='overflow:hidden;text-align:left;height:160px;display:inline-block;;background-image: url(\"https:\/\/www.moncisa.com\/wp-content\/uploads\/2015\/01\/MONTAJE-DE-CABLEADO-ESTRUCTURADO-PARA-PYMES-2-306x205.jpg\");background-position:center;background-repeat:no-repeat;' alt='Montaje y mantenimiento de cableado estructurado para PYMES (varios trabajos)' title='Montaje y mantenimiento de cableado estructurado para PYMES (varios trabajos)'><h2 style='margin:100px 0 0 0;display:block;float:left;height:60px;width:98%;'>Montaje y mantenimiento de cableado estructurado para PYMES (varios trabajos)<\/h2><\/a><a href='https:\/\/www.moncisa.com\/en\/trabajos\/experiencia\/obra-civil-para-despliegue-de-red-hfc-de-telecable\/' class='gallery_children41 gallery_children ' style='overflow:hidden;text-align:left;height:160px;display:inline-block;;background-image: url(\"https:\/\/www.moncisa.com\/wp-content\/uploads\/2015\/01\/060-306x205.jpg\");background-position:center;background-repeat:no-repeat;' alt='Obra Civil para despliegue de red HFC de Telecable' title='Obra Civil para despliegue de red HFC de Telecable'><h2 style='margin:100px 0 0 0;display:block;float:left;height:60px;width:98%;'>Obra Civil para despliegue de red HFC de Telecable<\/h2><\/a><a href='https:\/\/www.moncisa.com\/en\/trabajos\/experiencia\/obra-civil-para-instalacion-cctv-y-alarma-de-regasificadora-enagas\/' class='gallery_children41 gallery_children ' style='overflow:hidden;text-align:left;height:160px;display:inline-block;;background-image: url(\"https:\/\/www.moncisa.com\/wp-content\/uploads\/2015\/01\/OBRA-CIVIL-PARA-INSTALACI\u00d3N-CCTV-Y-ALARMA-DE-REGASIFICADORA-ENAG\u00c1S-306x205.jpg\");background-position:center;background-repeat:no-repeat;' alt='Obra civil para instalaci\u00f3n CCTV y alarma de regasificadora ENAG\u00c1S' title='Obra civil para instalaci\u00f3n CCTV y alarma de regasificadora ENAG\u00c1S'><h2 style='margin:100px 0 0 0;display:block;float:left;height:60px;width:98%;'>Obra civil para instalaci\u00f3n CCTV y alarma de regasificadora ENAG\u00c1S<\/h2><\/a><a href='https:\/\/www.moncisa.com\/en\/trabajos\/experiencia\/tendido-de-red-de-fibra-optica-de-telecable\/' class='gallery_children41 gallery_children ' style='overflow:hidden;text-align:left;height:160px;display:inline-block;;background-image: url(\"https:\/\/www.moncisa.com\/wp-content\/uploads\/2015\/01\/TENDIDO-DE-RED-DE-FIBRA-\u00d3PTICA-DE-TELECABLE-306x205.jpg\");background-position:center;background-repeat:no-repeat;' alt='Tendido de red de fibra \u00f3ptica de Telecable' title='Tendido de red de fibra \u00f3ptica de Telecable'><h2 style='margin:100px 0 0 0;display:block;float:left;height:60px;width:98%;'>Tendido de red de fibra \u00f3ptica de Telecable<\/h2><\/a><\/div>\n<p>&nbsp;<\/p>\n<div class=\"fancy-tab\">\n<h6 id=\"Ingenieria\">Engineering<\/h6>\n<\/div>\n<div style=\"background-image: url('wp-content\/uploads\/2015\/02\/p15deg4.png'); background-repeat: no-repeat; background-attachment: fixed; background-position: 65% 105%; background-size: 50%; background-transparency: 50%;\">\n<div class=\"call-to-action clearfix\">\n<div class=\"call-to-action-text\">\n<div class=\"call-to-action-text-inner-wrap\">\n<h6>2014<\/h6>\n<\/div>\n<\/div>\n<\/div>\n<ul>\n<li><span id=\"result_box\" class=\"\" lang=\"en\" tabindex=\"-1\"><span class=\"\">STUDIO<\/span> <span class=\"\">CROSSING<\/span> WITH LAT220KV DC LAT66KV MORATA-VILLAVERDE \/ LA <span class=\"\">ESTRELLA-<\/span>MORATA AP1R-<span class=\"\">2R<\/span> (IBERDROLA ELECTRICITY DISTRIBUTION)<\/span><\/li>\n<li><span id=\"result_box\" class=\"\" lang=\"en\" tabindex=\"-1\">STUDIO CROSSING <span class=\"\">WITH<\/span> LAT132V <span class=\"\">ASLAND<\/span>&#8211;<span class=\"\">VILLAVERDE<\/span> LAT220KV Azutan-VILLAVERDE (IBERDROLA <span class=\"\">ELECTRICITY DISTRIBUTION<\/span>)<\/span><\/li>\n<li><span id=\"result_box\" class=\"\" lang=\"en\" tabindex=\"-1\">SCANNING PLANS FOR <span class=\"\">ARCELORMITTAL<\/span> (<span class=\"\">ARCELOR<\/span> MITTAL)<\/span><\/li>\n<li class=\"\"><span id=\"result_box\" class=\"\" lang=\"en\" tabindex=\"-1\">THERMOGRAPHY <span class=\"\">CAMPAIGN<\/span> <span class=\"\">IN<\/span> <span class=\"\">VALENCIA<\/span> <span class=\"\">&#8211; ALICANTE<\/span> &#8211; <span class=\"\">MURCIA<\/span> (IBERDROLA <span class=\"\">ELECTRICITY DISTRIBUTION<\/span><span class=\"\">)<\/span><\/span><span class=\"su-frame su-frame-align-right su-frame-style-default\"><span class=\"su-frame-inner\"><a href=\"http:\/\/www.moncisa.com\/wp-content\/uploads\/2015\/02\/IR.jpg\"><img loading=\"lazy\" decoding=\"async\" class=\"alignnone wp-image-935\" src=\"http:\/\/www.moncisa.com\/wp-content\/uploads\/2015\/02\/IR.jpg\" alt=\"IR\" width=\"484\" height=\"186\" \/><\/a><\/span><\/span>\n<div id=\"gt-res-content\"><\/div>\n<\/li>\n<li>\n<div dir=\"ltr\"><span id=\"result_box\" class=\"\" lang=\"en\" tabindex=\"-1\"><span title=\"PROYECTO Modificaci\u00f3n L\/132kv Onteniente-Oller\u00eda-Llanera y Alcoi-Oller\u00eda-Moixent ENTRE APOYOS 10101 Y 10102 (IBERDROLA DISTRIBUCI\u00d3N EL\u00c9CTRICA) \">Amendment\u00a0PROJECT L\/132kv Onteniente-Oller\u00eda-Llanera and Alcoi-Oller\u00eda-Moixent BETWEEN SUPPORTS 10101 AND 10102 (IBERDROLA ELECTRICITY DISTRIBUTION)<\/span><\/span><\/div>\n<\/li>\n<li>\n<div dir=\"ltr\"><span id=\"result_box\" class=\"\" lang=\"en\" tabindex=\"-1\"><\/span><span id=\"result_box\" class=\"\" lang=\"en\" tabindex=\"-1\"><span title=\"PROYECTO DE MODIFICACI\u00d3N DE LSAT A 132KV LADA-ENTREGO\/LADA-MOSQUITERA ENTRE AP5 Y 7 (IBERDROLA DISTRIBUCI\u00d3N EL\u00c9CTRICA) \">DRAFT AMENDMENT OF A 132KV LSAT LADA-HANDED \/ LADA-MOSQUITERA AP5 BETWEEN AND 7 (IBERDROLA ELECTRICITY DISTRIBUTION)<\/span><\/span><\/div>\n<\/li>\n<li>\n<div dir=\"ltr\"><span id=\"result_box\" class=\"\" lang=\"en\" tabindex=\"-1\"><\/span><span id=\"result_box\" class=\"\" lang=\"en\" tabindex=\"-1\"><span title=\"ESTUDIO PARA EL RECRECIDO DEL APOYO N\u00ba512 DE LA LAT220 CATADU-JIJONA (REE) \">STUDY SUPPORT FOR SCREED N\u00ba512 OF LAT220 CATADU-JIJONA (REE)<\/span><\/span><\/div>\n<\/li>\n<li>\n<div dir=\"ltr\"><span id=\"result_box\" class=\"\" lang=\"en\" tabindex=\"-1\"><span title=\"PROYECTO DE DESMANTELAMIENTO DE LA LAT132KV SALIME-CORREDORIA (SALTOS DEL NAVIA) \">SCRAPPING THE DRAFT LAT132KV SALIME-CORREDORIA (SALTOS DEL NAVIA)<\/span><\/span><\/div>\n<\/li>\n<li>\n<div dir=\"ltr\"><span id=\"result_box\" class=\"\" lang=\"en\" tabindex=\"-1\"><span title=\"ESTUDIO PARA EL REFUERZO DE APOYOS DE LA LAT 400KV ALMARAZ-VILLAVICIOSA 1 Y 2 (APOYOS 50, 51, 52 Y 53)Y LAT 220 ALMARAZ \u2013TALAVERA\/ALMARAZ-TORRIJOS (APOYOS 43, 44, 45, 46 Y 47) (REE\">STUDY SUPPORTS TO STRENGTHEN THE LAT 400KV ALMARAZ-VILLAVICIOSA 1 AND 2 (SUPPORTS 50, 51, 52 and 53) and 220 ALMARAZ -TALAVERA LAT \/ ALMARAZ-TORRIJOS (SUPPORTS 43, 44, 45, 46 and 47) (REE <\/span><span title=\") \">)<\/span><\/span><\/div>\n<\/li>\n<li>\n<div dir=\"ltr\"><span id=\"result_box\" class=\"\" lang=\"en\" tabindex=\"-1\"><span title=\"MEDICI\u00d3N, ESTUDIO Y DISE\u00d1O DE RECRECIDO PARA EL APOYO N\u00ba1 DE LA CH COFRENTES-COLLADO (IBERDROLA DISTRIBUCI\u00d3N EL\u00c9CTRICA) \">MEASUREMENT, STUDY AND DESIGN OF SCREED FOR SUPPORT OF CH No. 1 COFRENTES-COLLADO (IBERDROLA ELECTRICITY DISTRIBUTION)<\/span><\/span><\/div>\n<\/li>\n<li>\n<div dir=\"ltr\"><span id=\"result_box\" class=\"\" lang=\"en\" tabindex=\"-1\"><span title=\"PROYECTO DE ESTUDIO CAMBIO DE POSICI\u00d3N DE CONDUCTOR EN 132TOLEDO-BARGAS\/ACECA-TOLEDO 1 Y ACECA-TOLEDO2 (IBERDROLA DISTRIBUCI\u00d3N EL\u00c9CTRICA) \">PROPOSED CHANGE STUDY DRIVER POSITION 132TOLEDO-BARGAS \/ ACECA-TOLEDO 1 AND ACECA-toledo2 (IBERDROLA ELECTRICITY DISTRIBUTION)<\/span><\/span><\/div>\n<\/li>\n<li>\n<div dir=\"ltr\"><span id=\"result_box\" class=\"\" lang=\"en\" tabindex=\"-1\"><span title=\"ESTUDIO DE SUSTITUCI\u00d3N DEL AP381 DE 220AYALA-TJARA Y N\u00ba17 DE LA 220 ORTUELLES-TBABCOK (REE) \">STUDY OF REPLACEMENT AP381 220AYALA-tj\u00e4ra and No. 17 OF 220 ORTUELLES-TBABCOK (REE)<\/span><\/span><\/div>\n<\/li>\n<li>\n<div dir=\"ltr\"><span id=\"result_box\" class=\"\" lang=\"en\" tabindex=\"-1\"><span title=\"ESTUDIO DE OCUPACI\u00d3N DE LA LAT132KV ARDOZ-CRISTALERIA\/MECO-CRISTALER\u00cdA ENTRE AP3 Y AP2 (IBERDROLA DISTRIBUCI\u00d3N EL\u00c9CTRICA) \">STUDY OF OCCUPATION OF LAT132KV ARDOZ-CRISTALERIA \/ MECO-GLASSWARE AND BETWEEN AP3 AP2 (IBERDROLA ELECTRICITY DISTRIBUTION)<\/span><\/span><\/div>\n<\/li>\n<li>\n<div dir=\"ltr\"><span id=\"result_box\" class=\"\" lang=\"en\" tabindex=\"-1\"><span title=\"ESTUDIO ALIMENTACI\u00d3N SALA U303 CLARIFICACI\u00d3N DESDE CENTRO 1BIS REFRIGERACI\u00d3N (ARCELOR MITTAL)\">STUDY FOR ROOM SUPPLY CENTER 1BIS U303 CLARIFICATION FROM REFRIGERATION (ARCELOR MITTAL)<\/span><\/span><span class=\"su-frame su-frame-align-right su-frame-style-default\"><span class=\"su-frame-inner\"><a href=\"http:\/\/www.moncisa.com\/wp-content\/uploads\/2015\/02\/p1.png\"><img loading=\"lazy\" decoding=\"async\" class=\"alignnone wp-image-938 \" src=\"http:\/\/www.moncisa.com\/wp-content\/uploads\/2015\/02\/p1.png\" alt=\"\" width=\"335\" height=\"239\" \/><\/a><\/span><\/span><\/div>\n<\/li>\n<li><span id=\"result_box\" class=\"\" lang=\"en\" tabindex=\"-1\"><span title=\"CALCULO ESTRUCTURAL PASO AEREO-SUBT DESDE ST RESERVAS A PUESTO1 BATERIAS COK (ARCELOR MITTAL) \">STRUCTURAL CALCULATION STEP AIR-SUBT RESERVES FROM ST Position1 BATERIAS COK (ARCELOR MITTAL)<\/span><\/span><\/li>\n<li><span id=\"result_box\" class=\"\" lang=\"en\" tabindex=\"-1\"><span title=\"CALCULO ESTRUCTURAL DE FIJACI\u00d3N DEL ANCLAJE DE LA L\u00cdNEA DE VIDA EN LA SUB DE LA GRANDA (ARCELOR MITTAL) \">STRUCTURAL CALCULATION ANCHOR FIXING THE LIFELINE OF THE SUB GRANDA (ARCELOR MITTAL)<\/span><\/span><\/li>\n<li><span id=\"result_box\" class=\"\" lang=\"en\" tabindex=\"-1\"><span title=\"DISE\u00d1O DE NUEVA ESTRUCTURA DE SUJECCI\u00d3N DE AISLADORES EN EL AP1 L132KV FACTOR\u00cdA GIJON-FACTOR\u00cdA AVIL\u00c9S (ARCELOR MITTAL) \">DESIGN OF NEW STRUCTURE OF INSULATOR IN FIXING AP1 L132KV FACTOR\u00cdA GIJON-FACTOR\u00cdA AVIL\u00c9S (ARCELOR MITTAL)<\/span><\/span><\/li>\n<li><span id=\"result_box\" class=\"\" lang=\"en\" tabindex=\"-1\"><span title=\"ESTUDIO DE RECRECIDO MET\u00c1LICO SOBRE P\u00d3RTICO DE HORMIG\u00d3N EN LAT 132KV TRUJILLO-ABERTURA (IBERDROLA DISTRIBUCI\u00d3N EL\u00c9CTRICA) \">STUDY ON PORCH METALLIC SCREED CONCRETE IN TRUJILLO 132KV LAT-OPENING (IBERDROLA ELECTRICITY DISTRIBUTION)<\/span><\/span><\/li>\n<li><span id=\"result_box\" class=\"\" lang=\"en\" tabindex=\"-1\"><span title=\"ESTUDIO CONDUCTORES LAT132KV PUERTO MAZARR\u00d3N-MAYORDOMOS ENTRE APOYOS 1069 Y 1079 (MURCIA) (IBERDROLA DISTRIBUCI\u00d3N EL\u00c9CTRICA) \">STUDY LEADS LAT132KV PUERTO MAZARR\u00d3N-STEWARDS SUPPORTS BETWEEN 1069 AND 1079 (MURCIA) (IBERDROLA ELECTRICITY DISTRIBUTION)<\/span><\/span><\/li>\n<li><span id=\"result_box\" class=\"\" lang=\"en\" tabindex=\"-1\"><span title=\"ESTUDIO DE AFECCIONES DE LAT132KV MECO-CRISTALER\u00cdA ENTRE APOYOS 1 Y 95 (IBERDROLA DISTRIBUCI\u00d3N EL\u00c9CTRICA) \">STUDY MECO-LAT132KV conditions SUPPORTS BETWEEN 1 AND GLASSWARE 95 (IBERDROLA ELECTRICITY DISTRIBUTION)<\/span><\/span><\/li>\n<li><span id=\"result_box\" class=\"\" lang=\"en\" tabindex=\"-1\"><span title=\"ESTUDIO DE AFECCIONES DE LA LAT132KV CARR\u00daS-CEMENTO ENTRE APOYOS 16 Y 40 (IBERDROLA DISTRIBUCI\u00d3N EL\u00c9CTRICA) \">STUDY CONDITIONS OF LAT132KV CARR\u00daS-CEMENT BETWEEN SUPPORTS 16 40 (IBERDROLA ELECTRICITY DISTRIBUTION)<\/span><\/span><\/li>\n<li><span id=\"result_box\" class=\"\" lang=\"en\" tabindex=\"-1\"><span title=\"ESTUDIO DE SERVIDUMBRES ENTRE AP57 Y 58 DE LA LAT132KV GALAPAGAR-MAJADAHONDA (IBERDROLA DISTRIBUCI\u00d3N EL\u00c9CTRICA) \">AP57 STUDY BETWEEN SERVANTS AND 58 OF THE LAT132KV GALAPAGAR-MAJADAHONDA (IBERDROLA ELECTRICITY DISTRIBUTION)<br \/>\n<\/span><span title=\"PROYECTO DE DESMANTELAMIENTO DE LA LAT 132KV MAJADAHONDA-MIRASIERRA ENTRE AP 31 Y AP43 (IBERDROLA DISTRIBUCI\u00d3N EL\u00c9CTRICA) \">SCRAPPING THE PROPOSED 132KV MAJADAHONDA LAT-MIRASIERRA BETWEEN 31 AND AP AP43 (IBERDROLA ELECTRICITY DISTRIBUTION)<\/span><\/span><\/li>\n<li><span id=\"result_box\" class=\"\" lang=\"en\" tabindex=\"-1\"><span title=\"PROYECTO DE REPOTENCIACI\u00d3N DE LA LAT132KV ARDOZ-CRISTALER\u00cdA (IBERDROLA DISTRIBUCI\u00d3N EL\u00c9CTRICA)\">REPOWERING PROJECT LAT132KV ARDOZ-CRISTALER\u00cdA (IBERDROLA ELECTRICITY DISTRIBUTION)<\/span><\/span><\/li>\n<\/ul>\n<div class=\"call-to-action clearfix\">\n<div class=\"call-to-action-text\">\n<div class=\"call-to-action-text-inner-wrap\">\n<h6>2013<\/h6>\n<\/div>\n<\/div>\n<\/div>\n<ul>\n<li><span id=\"result_box\" class=\"\" lang=\"en\" tabindex=\"-1\"><span class=\"\">STUDY<\/span> <span class=\"\">SUPPORT<\/span> SCREED 10021 LAT132KV &#8220;ASOMADA- GUIDE&#8221;, formerly &#8220;<span class=\"\">ASOMADA<\/span> <span class=\"\">&#8211;<\/span> BUTLER&#8221; (IBERDROLA ELECTRICITY DISTRIBUTION)<\/span><\/li>\n<li><span id=\"result_box\" class=\"\" lang=\"en\" tabindex=\"-1\"><span class=\"\">LIFTING<\/span> PROJECT PORCH ENTRANCE TO ST LAMINACION II (ARCELOR <span class=\"\">MITTAL<\/span>)<\/span><\/li>\n<li><span id=\"result_box\" class=\"\" lang=\"en\" tabindex=\"-1\">STUDY FO LAYING IN LAT 132KV BUTLER-LIMIT ()<\/span><\/li>\n<li><span id=\"result_box\" class=\"\" lang=\"en\" tabindex=\"-1\">DESIGN <span class=\"\">SUPPORT<\/span> FOUNDATION FOR LAT132KV Hinojar-HIPICA (IBERDROLA ELECTRICITY DISTRIBUTION)<\/span><\/li>\n<li><span id=\"result_box\" class=\"\" lang=\"en\" tabindex=\"-1\">REPLACING THE SUPPORT 41 LAT132KV &#8220;Terra Mitica-EL <span class=\"\">ALGAR<\/span><span class=\"\">&#8220;<\/span> (IBERDROLA <span class=\"\">ELECTRICITY DISTRIBUTION<\/span><span class=\"\">)<\/span><\/span><\/li>\n<\/ul>\n<div class=\"su-row\"><div class=\"su-column su-column-size-1-2\"><div class=\"su-column-inner su-u-clearfix su-u-trim\"><span class=\"su-frame su-frame-align-center su-frame-style-default\"><span class=\"su-frame-inner\"><a href=\"http:\/\/www.moncisa.com\/wp-content\/uploads\/2015\/02\/pls.png\"><img loading=\"lazy\" decoding=\"async\" class=\"alignnone wp-image-940 size-medium\" src=\"http:\/\/www.moncisa.com\/wp-content\/uploads\/2015\/02\/pls-306x205.png\" alt=\"\" width=\"300\" height=\"200\" \/><\/a><\/span><\/span><\/div><\/div> <div class=\"su-column su-column-size-1-2\"><div class=\"su-column-inner su-u-clearfix su-u-trim\"><span class=\"su-frame su-frame-align-center su-frame-style-default\"><span class=\"su-frame-inner\"><a href=\"http:\/\/www.moncisa.com\/wp-content\/uploads\/2015\/02\/Tower.png\"><img loading=\"lazy\" decoding=\"async\" class=\"alignnone wp-image-941 size-medium\" src=\"http:\/\/www.moncisa.com\/wp-content\/uploads\/2015\/02\/Tower-306x205.png\" alt=\"\" width=\"300\" height=\"200\" \/><\/a><\/span><\/span><\/div><\/div><\/div>\n<ul>\n<li><span id=\"result_box\" class=\"\" lang=\"en\" tabindex=\"-1\"><span title=\"PROYECTO 220kV Ricobayo \u2013 Zamora entre apoyos 63 -66 (REE) \u00a0\u00a0\u00a0\u00a0\">PROJECT 220kV Ricobayo &#8211; Zamora between supports 63 -66 (REE)<\/span><\/span><\/li>\n<li><span id=\"result_box\" class=\"\" lang=\"en\" tabindex=\"-1\"><span title=\"PROYECTO 220kV Ricobayo \u2013 Zarat\u00e1n entre apoyo 56-59 (REE) \u00a0\u00a0\u00a0\u00a0\">PROJECT 220kV Ricobayo &#8211; support Zarat\u00e1n between 56-59 (REE)<\/span><\/span><\/li>\n<li><span id=\"result_box\" class=\"\" lang=\"en\" tabindex=\"-1\"><span title=\"CAMPA\u00d1A TERMOGR\u00c1FICA ZONA VALENCIA-ALICANTE-MURCIA (IBERDROLA DISTRIBUCI\u00d3N EL\u00c9CTRICA) \u00a0\u00a0\u00a0\u00a0\">Thermographic CAMPAIGN AREA VALENCIA-ALICANTE-MURCIA (IBERDROLA ELECTRICITY DISTRIBUTION)<\/span><\/span><\/li>\n<li><span id=\"result_box\" class=\"\" lang=\"en\" tabindex=\"-1\"><span title=\"ESTUDIO RECRECIDO APOYOS 85 Y 86 DE LA LAT132KV VILLAVERDE-VILLALUENGA DE LA SAGRA (IBERDROLA DISTRIBUCI\u00d3N EL\u00c9CTRICA) \u00a0\u00a0\u00a0\u00a0\">SCREED STUDY SUPPORTS 85 AND 86 OF THE LAT132KV VILLAVERDE-Villaluenga de la Sagra (IBERDROLA ELECTRICITY DISTRIBUTION)<\/span><\/span><\/li>\n<li><span id=\"result_box\" class=\"\" lang=\"en\" tabindex=\"-1\"><span title=\"RECRECIDO APOYO N\u00ba 12 LAT132KV ACECA-ASLAND\/ACECA-TOLEDO (IBERDROLA DISTRIBUCI\u00d3N EL\u00c9CTRICA) \u00a0\u00a0\u00a0\u00a0\">SCREED SUPPORT No. 12 LAT132KV ACECA-ASLAND \/ ACECA-TOLEDO (IBERDROLA ELECTRICITY DISTRIBUTION)<\/span><\/span><\/li>\n<li><span id=\"result_box\" class=\"\" lang=\"en\" tabindex=\"-1\"><span title=\"RECRECIDO APOYO N\u00ba37 DE LAT220 CHANTADA- AMOEIRO\/APOYO N\u00ba 290 LAT220 MESON-PUERTO\/APOYO 35 LAT400 SALAS-SOTO RIBERA\/APOYO 6 LAT220 MESON-BELESAR (REE) \u00a0\u00a0\u00a0\u00a0\">SCREED N\u00ba37 SUPPORT OF LAT220 CHANTADA- amoeiro \/ SUPPORT No. 290 LAT220 meson-PORT \/ SUPPORT 35 LAT400 SOTO SALAS-RIBERA \/ SUPPORT 6 LAT220 meson-BELESAR (REE)<\/span><\/span><\/li>\n<li><span id=\"result_box\" class=\"\" lang=\"en\" tabindex=\"-1\"><span title=\"PROYECTO DE EJECUCI\u00d3N PARA LA MODIFICACI\u00d3N DEL TRAMO ENTRE AP 18 Y 38 DE LA LAT220KV DC CORDOVILLA-MURUARTE\/MURUARTE-ORCOYEN (REE) \u00a0\u00a0\u00a0\u00a0\">IMPLEMENTATION PROJECT FOR AMENDMENT OF THE STRETCH BETWEEN AP 18 AND 38 OF THE LAT220KV DC CORDOVILLA-MURUARTE \/ MURUARTE-ORCOYEN (REE)<\/span><\/span><\/li>\n<li><span id=\"result_box\" class=\"\" lang=\"en\" tabindex=\"-1\"><span title=\"ESTUDIO MEC\u00c1NICO DE CONDUCTORES DE LAS L\u00cdNEAS DE TRANSPORTE DE REE A PARTIR DE VUELO LIDAR (BLOM) \u00a0\u00a0\u00a0\u00a0\">MECHANICAL STUDY OF DRIVERS TRANSPORT LINES FROM FLIGHT REE LIDAR (BLOM)<\/span><\/span><\/li>\n<li><span id=\"result_box\" class=\"\" lang=\"en\" tabindex=\"-1\">REPLACEMENT PROJECT SUPPORT <span title=\"PROYECTO DE sustituci\u00f3n del apoyo 101 de la L\/E D.C.\">101 of the L \/ E D.C. <\/span><span title=\"a 20 kV.\">20 kV. <\/span><span title=\"Puente Bibey \u2013 Santiago y Santiago \u2013 San Mart\u00edn, en Orense.\">Bibey Bridge &#8211; Santiago and Santiago &#8211; San Martin in Orense. <\/span><span title=\"(IBERDROLA DISTRIBUCI\u00d3N EL\u00c9CTRICA) \u00a0\u00a0\u00a0\u00a0\">(IBERDROLA ELECTRICITY DISTRIBUTION)<\/span><\/span><\/li>\n<li><span id=\"result_box\" class=\"\" lang=\"en\" tabindex=\"-1\"><span title=\"SUSTITUCI\u00d3N DE APOYO216 DE LA LAT132KV SANTA TERESA-BEJAR-EL ROMA (IBERDROLA DISTRIBUCI\u00d3N EL\u00c9CTRICA) \u00a0\u00a0\u00a0\u00a0\">APOYO216 REPLACING THE SANTA TERESA LAT132KV-BEJAR-EL ROME (IBERDROLA ELECTRICITY DISTRIBUTION)<\/span><\/span><\/li>\n<li><span id=\"result_box\" class=\"\" lang=\"en\" tabindex=\"-1\"><span title=\"RECRECIDO 48 220kv Ardoz-T Vicalvaro (REE) \u00a0\u00a0\u00a0\u00a0\">SCREED 48 220kv Ardoz-T Vicalvaro (REE)<\/span><\/span><\/li>\n<li><span id=\"result_box\" class=\"\" lang=\"en\" tabindex=\"-1\"><span title=\"LAT132KV PLASENCIA TRUJILLO.\">PLASENCIA LAT132KV TRUJILLO. <\/span><span title=\"Sustituci\u00f3n de apoyos 9,30,71 y 243 (IBERDROLA DISTRIBUCI\u00d3N EL\u00c9CTRICA) \u00a0\u00a0\u00a0\u00a0\">Replacing support 9,30,71 and 243 (IBERDROLA ELECTRICITY DISTRIBUTION)<\/span><\/span><\/li>\n<li><span id=\"result_box\" class=\"\" lang=\"en\" tabindex=\"-1\"><span title=\"LAT132KV los navalmorales-c\u00edjara: recrecido apoyo 288 (IBERDROLA DISTRIBUCI\u00d3N EL\u00c9CTRICA) \u00a0\u00a0\u00a0\u00a0\">LAT132KV the navalmorales-C\u00edjara: screed of support 288 (IBERDROLA ELECTRICITY DISTRIBUTION)<\/span><\/span><\/li>\n<li><span id=\"result_box\" class=\"\" lang=\"en\" tabindex=\"-1\"><span title=\"ESTUDIO DE DESMONTAJE DEL CIRCUITO SIN SERVICIO DE LA LAT132LV \">STUDY WITHOUT REMOVING THE CIRCUIT SERVICE LAT132LV &#8220;ARDOZ-CRISTALERIA&#8221; ARDOZ IS BETWEEN AND SUPPORT N\u00ba8 (IBERDROLA ELECTRICITY DISTRIBUTION)<\/span><\/span><\/li>\n<li><span id=\"result_box\" class=\"\" lang=\"en\" tabindex=\"-1\"><span title=\"PROYECTO SUSTITUCION AP 18 DE LA LAT132KV TERRA M\u00cdTICA EL ALGAR (IBERDROLA DISTRIBUCI\u00d3N EL\u00c9CTRICA) \u00a0\u00a0\u00a0\u00a0\">AP REPLACEMENT PROJECT 18 OF THE MYTHICAL TERRA LAT132KV ALGAR (IBERDROLA ELECTRICITY DISTRIBUTION)<\/span><\/span><\/li>\n<li><span id=\"result_box\" class=\"\" lang=\"en\" tabindex=\"-1\"><span title=\"ANTEPROYECTO.\">PROPOSED DRAFT. <\/span><span title=\"Estudio repotenciacion LAT132KV Olmedilla-Picazo (Cuenca) (IBERDROLA DISTRIBUCI\u00d3N EL\u00c9CTRICA) \u00a0\u00a0\u00a0\u00a0\">Study LAT132KV power upgrade Olmedilla-Picazo (Cuenca) (IBERDROLA ELECTRICITY DISTRIBUTION)<\/span><\/span><\/li>\n<li><span id=\"result_box\" class=\"\" lang=\"en\" tabindex=\"-1\"><span title=\"ANTEPROYECTO.\">PROPOSED DRAFT. <\/span><span title=\"Estudio repotenciacion LAT132KV Albacete-La Gineta (Albacete) (IBERDROLA DISTRIBUCI\u00d3N EL\u00c9CTRICA) \u00a0\u00a0\u00a0\u00a0\">Study LAT132KV power upgrade Albacete-La Gineta (Albacete) (IBERDROLA ELECTRICITY DISTRIBUTION)<\/span><\/span><\/li>\n<li><span id=\"result_box\" class=\"\" lang=\"en\" tabindex=\"-1\"><span title=\"ANTEPROYECTO.\">PROPOSED DRAFT. <\/span><span title=\"Estudio repotenciacion LAT132KV Tres Canto - San Agusti\u00f3n (Madrid) (IBERDROLA DISTRIBUCI\u00d3N EL\u00c9CTRICA) \u00a0\u00a0\u00a0\u00a0\">Study LAT132KV power upgrade Tres Cantos &#8211; San Agusti\u00f3n (Madrid) (IBERDROLA ELECTRICITY DISTRIBUTION)<\/span><\/span><\/li>\n<li><span id=\"result_box\" class=\"\" lang=\"en\" tabindex=\"-1\"><span title=\"PROYECTO MODIFICACI\u00d3N LAT132KV TRUJILLO-ABERTURA ENTRE AP60-62 (IBERDROLA CENTRO)\">PROPOSED AMENDMENT LAT132KV TRUJILLO-opening between AP60-62 (IBERDROLA CENTER)<\/span><\/span>PROYECTO 220kV Ricobayo \u2013 Zamora BETWEEN SUPPORTS 63 -66 (REE)<\/li>\n<\/ul>\n<div class=\"call-to-action clearfix\">\n<div class=\"call-to-action-text\">\n<div class=\"call-to-action-text-inner-wrap\">\n<h6>2012<\/h6>\n<\/div>\n<\/div>\n<\/div>\n<ul>\n<li>PROJECT FOR ENTRY TO SUBSTATION \u201cVILLANUEVA DE LA JARA\u201d OF VERY HIGH VOLTAGE POWER LINE 132 KV \u201cOLMEDILLA \u2013 CH COFRENTES\u201d (IBERDROLA <span id=\"result_box\" class=\"\" lang=\"en\" tabindex=\"-1\"><span title=\"ESTUDIO DE DESMONTAJE DEL CIRCUITO SIN SERVICIO DE LA LAT132LV \">ELECTRICITY DISTRIBUTION<\/span><\/span>)<\/li>\n<li><span id=\"result_box\" class=\"\" lang=\"en\" tabindex=\"-1\"><span class=\"\">STUDY<\/span> LAT 132 KV OLMEDILLA-COFRENTES MAIN BYPASS TO ST\u00a0 MAHORA <span class=\"\">(IBERDROLA<\/span> ELECTRICITY DISTRIBUTION)<\/span><span class=\"su-frame su-frame-align-right su-frame-style-default\"><span class=\"su-frame-inner\"><a href=\"http:\/\/www.moncisa.com\/wp-content\/uploads\/2015\/02\/p2.png\"><img loading=\"lazy\" decoding=\"async\" class=\"alignnone wp-image-943 \" src=\"http:\/\/www.moncisa.com\/wp-content\/uploads\/2015\/02\/p2.png\" alt=\"\" width=\"364\" height=\"259\" \/><\/a><\/span><\/span><\/li>\n<li><span id=\"result_box\" class=\"\" lang=\"en\" tabindex=\"-1\"><span title=\"PROYECTO DE MODIFICACI\u00d3N DEL TRAMO 103-108 DE LA L\u00cdNEA EL\u00c9CTRICA DE SIMPLE CIRCUITO A 220KV SANTIZ-VILLALCAMPO (REE) \">DRAFT AMENDMENT 103-108 ELECTRIC TRANCHE OF SIMPLE CIRCUIT 220KV Villalcampo SANTIZ-LINE (REE)<\/span><\/span><\/li>\n<li><span id=\"result_box\" class=\"\" lang=\"en\" tabindex=\"-1\"><span title=\"CAMPA\u00d1A TERMOGRAF\u00cdA ZONA CASTELL\u00d3N- ALICANTE \u2013 VALENCIA - MADRID (IBERDROLA DISTRIBUCI\u00d3N EL\u00c9CTRICA) \">THERMOGRAPHY CAMPAIGN CASTELLON- AREA ALICANTE &#8211; VALENCIA &#8211; MADRID (IBERDROLA ELECTRICITY DISTRIBUTION)<\/span><\/span><\/li>\n<li><span id=\"result_box\" class=\"\" lang=\"en\" tabindex=\"-1\"><span title=\"AUMENTO DE CAPACIDAD DE TRANSPORTE DE LAT132KV \">INCREASE CAPACITY OF TRANSPORTATION LAT132KV &#8220;OLMEDILLA-SAN CLEMENTE-VILLAROBLEDO&#8221; (IBERDROLA ELECTRICITY DISTRIBUTION)<\/span><\/span><\/li>\n<li><span id=\"result_box\" class=\"\" lang=\"en\" tabindex=\"-1\"><span title=\"AUMENTO DE CAPACIDAD DE TRANSPORTE DE LAT132KV MECO-ALOVERA-CABANILLAS-GALAPAGOS-GUADALAJARA (IBERDROLA DISTRIBUCI\u00d3N EL\u00c9CTRICA) \">INCREASE CAPACITY OF TRANSPORTATION LAT132KV MECO-ALOVERA-CABANILLAS-GALAPAGOS-GUADALAJARA (IBERDROLA ELECTRICITY DISTRIBUTION)<\/span><\/span><\/li>\n<li><span id=\"result_box\" class=\"\" lang=\"en\" tabindex=\"-1\"><span title=\"ESTUDIO MEC\u00c1NICO DE CONDUCTORES DE LAS L\u00cdNEAS DE TRANSPORTE DE REE A PARTIR DE VUELO LIDAR (BLOM) \">MECHANICAL STUDY OF DRIVERS TRANSPORT LINES FROM FLIGHT REE LIDAR (BLOM)<\/span><\/span><\/li>\n<li><span id=\"result_box\" class=\"\" lang=\"en\" tabindex=\"-1\"><span title=\"ESTUDIO DE REFUERZOS DE APOYOS POR CAMBIO DE COEFICIENTE DE SEGURIDAD EN DEMARCACIONES B\u00c9TICA Y LEVANTE (REE) \">STUDY SUPPORTS REINFORCEMENTS FOR CHANGE OF SAFETY COEFFICIENT B\u00c9TICA BOUNDARIES AND RAISE (REE)<\/span><\/span><\/li>\n<li><span id=\"result_box\" class=\"\" lang=\"en\" tabindex=\"-1\"><span title=\"PROYECTO DE MODIFICACI\u00d3N DEL TRAMO 89 \u2013 93 DE LA L\/220 KV SIMPLE CIRCUITO ORCOYEN-TAFALLA (REE) \">DRAFT AMENDMENT TO SECTION 89-93 OF THE L \/ 220 KV single circuit ORCOYEN-TAFALLA (REE)<\/span><\/span><\/li>\n<li><span id=\"result_box\" class=\"\" lang=\"en\" tabindex=\"-1\"><span title=\"PROYECTO DE MODIFICACI\u00d3N DEL TRAMO 87 \u2013 91 DE LA L\/400 KV DOBLE CIRCUITO CASTEJ\u00d3N-MURUARTE (REE) \">DRAFT AMENDMENT TO SECTION 87-91 OF THE L \/ 400 KV double circuit CASTEJ\u00d3N-MURUARTE (REE)<\/span><\/span><\/li>\n<li><span id=\"result_box\" class=\"\" lang=\"en\" tabindex=\"-1\"><span title=\"ESTUDIO TENDIDO DE FIBRA OPTICA ENTRE APOYO 30 Y 100 DE LA LAT132KV \">STUDY OF FIBER OPTIC LAYING SUPPORT BETWEEN 30 AND 100 OF THE LAT132KV &#8220;OLMEDILLA- SAN Clemente VILLARROBLEDO&#8221; (IBERDROLA ELECTRICITY DISTRIBUTION)<\/span><\/span><\/li>\n<li><span id=\"result_box\" class=\"\" lang=\"en\" tabindex=\"-1\"><span title=\"ESTUDIO DE CONDUCTORES DE LA L66KV BUITRERA - MSIDONIA (BLOM) \">STUDY OF DRIVERS L66KV buitrera &#8211; MSIDONIA (BLOM)<\/span><\/span><\/li>\n<li><span id=\"result_box\" class=\"\" lang=\"en\" tabindex=\"-1\"><span title=\"MEDICI\u00d3N Y ESTUDIO DE APOYO 22 \">MEASUREMENT AND STUDY SUPPORT 22 &#8220;THE Rozas- THE TEJAR \/ MAJADAHONDA &#8211; LAS ROZAS&#8221; (IBERDROLA ELECTRICITY DISTRIBUTION)<\/span><\/span><\/li>\n<li><span id=\"result_box\" class=\"\" lang=\"en\" tabindex=\"-1\"><span title=\"MODELIZACION DE APOYOS 3B Y 4B DE LA LAT400KV HERNANI-ITXASO \/ HERNANI - ARGIA (REE)\">MODELLING SUPPORTS 3B and 4B LAT400KV-ITXASO HERNANI \/ HERNANI &#8211; ARGIA (REE)<\/span><\/span>CAMPA\u00d1A TERMOGRAF\u00cdA ZONA CASTELL\u00d3N- ALICANTE \u2013 VALENCIA &#8211; MADRID (IBERDROLA DISTRIBUCI\u00d3N EL\u00c9CTRICA)<\/li>\n<\/ul>\n<\/div>\n","protected":false},"excerpt":{"rendered":"<p>These are some of our main Proyects and Works &nbsp; Electricity &nbsp; &nbsp; Telecommunications &nbsp; &nbsp; Engineering 2014 STUDIO CROSSING WITH LAT220KV DC LAT66KV MORATA-VILLAVERDE \/ LA ESTRELLA-MORATA AP1R-2R (IBERDROLA ELECTRICITY DISTRIBUTION) STUDIO CROSSING WITH LAT132V ASLAND&#8211;VILLAVERDE LAT220KV Azutan-VILLAVERDE (IBERDROLA&hellip; <\/p>\n","protected":false},"author":1,"featured_media":0,"parent":37,"menu_order":0,"comment_status":"closed","ping_status":"closed","template":"","meta":{"footnotes":""},"categories":[],"tags":[],"class_list":["post-41","page","type-page","status-publish","hentry"],"translation":{"provider":"WPGlobus","version":"3.0.2","language":"en","enabled_languages":["es","en"],"languages":{"es":{"title":true,"content":true,"excerpt":false},"en":{"title":true,"content":true,"excerpt":false}}},"_links":{"self":[{"href":"https:\/\/www.moncisa.com\/en\/wp-json\/wp\/v2\/pages\/41","targetHints":{"allow":["GET"]}}],"collection":[{"href":"https:\/\/www.moncisa.com\/en\/wp-json\/wp\/v2\/pages"}],"about":[{"href":"https:\/\/www.moncisa.com\/en\/wp-json\/wp\/v2\/types\/page"}],"author":[{"embeddable":true,"href":"https:\/\/www.moncisa.com\/en\/wp-json\/wp\/v2\/users\/1"}],"replies":[{"embeddable":true,"href":"https:\/\/www.moncisa.com\/en\/wp-json\/wp\/v2\/comments?post=41"}],"version-history":[{"count":74,"href":"https:\/\/www.moncisa.com\/en\/wp-json\/wp\/v2\/pages\/41\/revisions"}],"predecessor-version":[{"id":1661,"href":"https:\/\/www.moncisa.com\/en\/wp-json\/wp\/v2\/pages\/41\/revisions\/1661"}],"up":[{"embeddable":true,"href":"https:\/\/www.moncisa.com\/en\/wp-json\/wp\/v2\/pages\/37"}],"wp:attachment":[{"href":"https:\/\/www.moncisa.com\/en\/wp-json\/wp\/v2\/media?parent=41"}],"wp:term":[{"taxonomy":"category","embeddable":true,"href":"https:\/\/www.moncisa.com\/en\/wp-json\/wp\/v2\/categories?post=41"},{"taxonomy":"post_tag","embeddable":true,"href":"https:\/\/www.moncisa.com\/en\/wp-json\/wp\/v2\/tags?post=41"}],"curies":[{"name":"wp","href":"https:\/\/api.w.org\/{rel}","templated":true}]}}