{"id":1385,"date":"2018-01-19T11:19:59","date_gmt":"2018-01-19T11:19:59","guid":{"rendered":"http:\/\/www.moncisa.com\/?page_id=1385"},"modified":"2018-01-19T11:22:11","modified_gmt":"2018-01-19T11:22:11","slug":"oferta-de-empleo-septiembre-2017-oficial-de-telecomunicaciones","status":"publish","type":"page","link":"http:\/\/www.moncisa.com\/en\/oferta-de-empleo-septiembre-2017-oficial-de-telecomunicaciones\/","title":{"rendered":"Oferta de empleo Septiembre 2015 &#8211; Oficial de Telecomunicaciones"},"content":{"rendered":"<h3><em><div class=\"su-heading su-heading-style-default su-heading-align-center\" id=\"\" style=\"font-size:13px;margin-bottom:20px\"><div class=\"su-heading-inner\">ESTA OFERTA NO EST\u00c1 ACTIVA<\/div><\/div><\/em><\/h3>\n<h3>FUNCIONES Y RESPONSABILIDADES<\/h3>\n<ul>\n<li>Ejecutar las \u00f3rdenes de trabajo de instalaci\u00f3n\/ desinstalaci\u00f3n\/ incidencia en las viviendas de los abonados y establecer las comunicaciones necesarias con el cliente para la activaci\u00f3n de los equipos<\/li>\n<\/ul>\n<p>Adicionalmente<\/p>\n<ul>\n<li>Realizaci\u00f3n de empalmes y fusiones de F.O.<\/li>\n<li>Realizaci\u00f3n de medidas reflectom\u00e9tricas<\/li>\n<li>Uso adecuado de la herramienta espec\u00edfica de los trabajos de empalmes y medici\u00f3n de F.O.<\/li>\n<\/ul>\n<h3>CAPACITACI\u00d3N PARA EL PUESTO<\/h3>\n<h4>Formaci\u00f3n<\/h4>\n<ul>\n<li>Ciclo formativo de grado medio o superior relacionado con Telecomunicaciones, Electricidad o Electr\u00f3nica.<\/li>\n<\/ul>\n<p>Adicionalmente<\/p>\n<ul>\n<li>Curso: \u201cRealizaci\u00f3n de Medidas Reflectom\u00e9tricas y Empalmes de Fibra \u00f3ptica\u201d o \u201cInstalaci\u00f3n y Conexi\u00f3n de Fibra \u00d3ptica\u201d y \/ o Diplomado con conocimientos generales sobre las caracter\u00edsticas de la fibra \u00f3ptica y sus modos de transmisi\u00f3n. Estudio del manual de funcionamiento de la fusionadora y del reflect\u00f3metro y\/ o Formaci\u00f3n espec\u00edfica en F.O.<\/li>\n<\/ul>\n<h4>Experiencia<\/h4>\n<p><strong>Experiencia espec\u00edfica de Instalador de Altas de Abonado<\/strong>\t \t <\/p>\n<ul>\n<li>M\u00ednimo 6 meses de experiencia acreditada<\/li>\n<\/ul>\n<p><strong> Experiencia espec\u00edfica Fusionador de F.O.<\/strong>\t \t <\/p>\n<ul>\n<li>M\u00ednimo 6 meses de experiencia acreditada<\/li>\n<\/ul>\n<h4>Habilidades<\/h4>\n<ul>\n<li>Trabajo en equipo, disciplina, orden<\/li>\n<\/ul>\n","protected":false},"excerpt":{"rendered":"<p>FUNCIONES Y RESPONSABILIDADES Ejecutar las \u00f3rdenes de trabajo de instalaci\u00f3n\/ desinstalaci\u00f3n\/ incidencia en las viviendas de los abonados y establecer las comunicaciones necesarias con el cliente para la activaci\u00f3n de los equipos Adicionalmente Realizaci\u00f3n de empalmes y fusiones de F.O.&hellip; <\/p>\n","protected":false},"author":1,"featured_media":0,"parent":0,"menu_order":0,"comment_status":"closed","ping_status":"closed","template":"","meta":{"footnotes":""},"categories":[],"tags":[],"class_list":["post-1385","page","type-page","status-publish","hentry"],"translation":{"provider":"WPGlobus","version":"3.0.2","language":"en","enabled_languages":["es","en"],"languages":{"es":{"title":true,"content":true,"excerpt":false},"en":{"title":false,"content":false,"excerpt":false}}},"_links":{"self":[{"href":"http:\/\/www.moncisa.com\/en\/wp-json\/wp\/v2\/pages\/1385","targetHints":{"allow":["GET"]}}],"collection":[{"href":"http:\/\/www.moncisa.com\/en\/wp-json\/wp\/v2\/pages"}],"about":[{"href":"http:\/\/www.moncisa.com\/en\/wp-json\/wp\/v2\/types\/page"}],"author":[{"embeddable":true,"href":"http:\/\/www.moncisa.com\/en\/wp-json\/wp\/v2\/users\/1"}],"replies":[{"embeddable":true,"href":"http:\/\/www.moncisa.com\/en\/wp-json\/wp\/v2\/comments?post=1385"}],"version-history":[{"count":3,"href":"http:\/\/www.moncisa.com\/en\/wp-json\/wp\/v2\/pages\/1385\/revisions"}],"predecessor-version":[{"id":1388,"href":"http:\/\/www.moncisa.com\/en\/wp-json\/wp\/v2\/pages\/1385\/revisions\/1388"}],"wp:attachment":[{"href":"http:\/\/www.moncisa.com\/en\/wp-json\/wp\/v2\/media?parent=1385"}],"wp:term":[{"taxonomy":"category","embeddable":true,"href":"http:\/\/www.moncisa.com\/en\/wp-json\/wp\/v2\/categories?post=1385"},{"taxonomy":"post_tag","embeddable":true,"href":"http:\/\/www.moncisa.com\/en\/wp-json\/wp\/v2\/tags?post=1385"}],"curies":[{"name":"wp","href":"https:\/\/api.w.org\/{rel}","templated":true}]}}